{"id":4425,"date":"2026-01-21T09:21:00","date_gmt":"2026-01-21T08:21:00","guid":{"rendered":"https:\/\/msbois.com\/obras-en-madera-francesa-ms-bois\/"},"modified":"2026-09-03T16:42:01","modified_gmt":"2026-09-03T14:42:01","slug":"obras-en-madera-francesa-ms-bois","status":"publish","type":"page","link":"https:\/\/msbois.com\/es\/obras-en-madera-francesa-ms-bois\/","title":{"rendered":"Obras en Madera Francesa | MS BOIS"},"content":{"rendered":"\t\t<div data-elementor-type=\"wp-page\" data-elementor-id=\"4425\" class=\"elementor elementor-4425 elementor-52\" data-elementor-post-type=\"page\">\n\t\t\t\t<div class=\"elementor-element elementor-element-8726ae9 e-flex e-con-boxed e-con e-parent\" data-id=\"8726ae9\" data-element_type=\"container\" data-e-type=\"container\" data-settings=\"{&quot;background_background&quot;:&quot;slideshow&quot;,&quot;background_slideshow_gallery&quot;:[{&quot;id&quot;:4415,&quot;url&quot;:&quot;https:\\\/\\\/msbois.com\\\/wp-content\\\/uploads\\\/2026\\\/02\\\/Realisation-MS-BOIS-INTERSPORT.webp&quot;}],&quot;animation&quot;:&quot;none&quot;,&quot;background_slideshow_slide_duration&quot;:5000,&quot;background_slideshow_slide_transition&quot;:&quot;fade&quot;,&quot;background_slideshow_transition_duration&quot;:500}\">\n\t\t\t\t\t<div class=\"e-con-inner\">\n\t\t<div class=\"elementor-element elementor-element-269c243 e-con-full e-flex e-con e-child\" data-id=\"269c243\" data-element_type=\"container\" data-e-type=\"container\">\n\t\t<div class=\"elementor-element elementor-element-9442679 e-con-full e-flex e-con e-child\" data-id=\"9442679\" data-element_type=\"container\" data-e-type=\"container\">\n\t\t\t\t<div class=\"elementor-element elementor-element-81cbfd8 elementor-widget__width-initial elementor-invisible elementor-widget elementor-widget-heading\" data-id=\"81cbfd8\" data-element_type=\"widget\" data-e-type=\"widget\" data-settings=\"{&quot;_animation&quot;:&quot;fadeInUp&quot;}\" data-widget_type=\"heading.default\">\n\t\t\t\t\t<h1 class=\"elementor-heading-title elementor-size-default\">PROYECTOS<\/h1>\t\t\t\t<\/div>\n\t\t\t\t<div class=\"elementor-element elementor-element-8f186eb elementor-widget__width-initial elementor-widget elementor-widget-heading\" data-id=\"8f186eb\" data-element_type=\"widget\" data-e-type=\"widget\" data-settings=\"{&quot;_animation&quot;:&quot;none&quot;}\" data-widget_type=\"heading.default\">\n\t\t\t\t\t<h2 class=\"elementor-heading-title elementor-size-default\">Obras de madera a gran escala, impulsadas por la experiencia de MS BOIS<\/h2>\t\t\t\t<\/div>\n\t\t\t\t<div class=\"elementor-element elementor-element-d67c7bb elementor-widget__width-initial elementor-widget elementor-widget-text-editor\" data-id=\"d67c7bb\" data-element_type=\"widget\" data-e-type=\"widget\" data-settings=\"{&quot;_animation&quot;:&quot;none&quot;}\" data-widget_type=\"text-editor.default\">\n\t\t\t\t\t\t\t\t\t<p>Desde hace casi un siglo, MS BOIS dise\u00f1a, transforma y suministra madera francesa para las obras de madera m\u00e1s exigentes.<br><br><\/p><p>Como fabricante y proveedor principal del sector de la madera, acompa\u00f1amos a arquitectos, carpinteros y promotores en la <strong>realizaci\u00f3n de edificios p\u00fablicos<\/strong>, <strong>instalaciones deportivas<\/strong> o <strong>proyectos terciarios e industriales<\/strong>.<br \/><br \/>Estos proyectos ilustran nuestro saber hacer t\u00e9cnico y la calidad de nuestras maderas procedentes de los macizos forestales franceses.<\/p>\t\t\t\t\t\t\t\t<\/div>\n\t\t\t\t<\/div>\n\t\t\t\t<\/div>\n\t\t\t\t\t<\/div>\n\t\t\t\t<\/div>\n\t\t<div class=\"elementor-element elementor-element-fa8e74d e-flex e-con-boxed e-con e-parent\" data-id=\"fa8e74d\" data-element_type=\"container\" data-e-type=\"container\" data-settings=\"{&quot;background_background&quot;:&quot;classic&quot;}\">\n\t\t\t\t\t<div class=\"e-con-inner\">\n\t\t<div class=\"elementor-element elementor-element-36509f3 e-con-full e-flex e-con e-child\" data-id=\"36509f3\" data-element_type=\"container\" data-e-type=\"container\">\n\t\t<div class=\"elementor-element elementor-element-7f915c4 e-con-full e-flex e-con e-child\" data-id=\"7f915c4\" data-element_type=\"container\" data-e-type=\"container\">\n\t\t\t\t<div class=\"elementor-element elementor-element-2b1ce1c elementor-widget elementor-widget-heading\" data-id=\"2b1ce1c\" data-element_type=\"widget\" data-e-type=\"widget\" data-widget_type=\"heading.default\">\n\t\t\t\t\t<h2 class=\"elementor-heading-title elementor-size-default\">Construir a lo grande, de forma sostenible<\/h2>\t\t\t\t<\/div>\n\t\t\t\t<div class=\"elementor-element elementor-element-b53a40e elementor-hidden-tablet elementor-hidden-mobile elementor-widget elementor-widget-button\" data-id=\"b53a40e\" data-element_type=\"widget\" data-e-type=\"widget\" data-widget_type=\"button.default\">\n\t\t\t\t\t\t\t\t\t\t<a class=\"elementor-button elementor-button-link elementor-size-sm\" href=\"https:\/\/msbois.com\/es\/contacte-con-ms-bois-aserradero-y-soluciones-en-madera-francesa\/\">\n\t\t\t\t\t\t<span class=\"elementor-button-content-wrapper\">\n\t\t\t\t\t\t<span class=\"elementor-button-icon\">\n\t\t\t\t<svg xmlns=\"http:\/\/www.w3.org\/2000\/svg\" width=\"15\" height=\"13\" viewBox=\"0 0 15 13\" fill=\"none\"><path d=\"M11.351 4.94383L0.970382 11.3056L-3.29262e-05 9.72221L10.3806 3.36039L2.88878 1.85294L3.42448 -7.20024e-05L14.1271 2.15343L11.1878 12.6674L9.29352 12.3036L11.351 4.94383Z\" fill=\"white\"><\/path><\/svg>\t\t\t<\/span>\n\t\t\t\t\t\t\t\t\t<span class=\"elementor-button-text\">CONT\u00c1CTENOS<\/span>\n\t\t\t\t\t<\/span>\n\t\t\t\t\t<\/a>\n\t\t\t\t\t\t\t\t<\/div>\n\t\t\t\t<\/div>\n\t\t\t\t<div class=\"elementor-element elementor-element-cc44407 elementor-widget__width-initial elementor-widget elementor-widget-text-editor\" data-id=\"cc44407\" data-element_type=\"widget\" data-e-type=\"widget\" data-widget_type=\"text-editor.default\">\n\t\t\t\t\t\t\t\t\t<p>Cada proyecto es el resultado de un estrecho trabajo entre nuestros equipos, los arquitectos, las oficinas t\u00e9cnicas y las empresas de construcci\u00f3n. Nuestro papel: aportar soluciones de madera fiables, eficientes y controladas, desde la transformaci\u00f3n de la materia hasta la entrega en la obra. <\/p>\t\t\t\t\t\t\t\t<\/div>\n\t\t\t\t<div class=\"elementor-element elementor-element-66c7505 elementor-arrows-position-outside elementor-widget elementor-widget-n-carousel\" data-id=\"66c7505\" data-element_type=\"widget\" data-e-type=\"widget\" data-settings=\"{&quot;carousel_items&quot;:[{&quot;slide_title&quot;:&quot;Restaurant Intersport&quot;,&quot;_id&quot;:&quot;5b8e4e5&quot;},{&quot;slide_title&quot;:&quot;Halles Faverges&quot;,&quot;_id&quot;:&quot;1fb5030&quot;},{&quot;slide_title&quot;:&quot;Thermes de Vals les bains&quot;,&quot;_id&quot;:&quot;8f3d7bd&quot;},{&quot;slide_title&quot;:&quot;Coll\\u00e8ge&quot;,&quot;_id&quot;:&quot;12b658b&quot;},{&quot;slide_title&quot;:&quot;Gare bourg saint maurice&quot;,&quot;_id&quot;:&quot;adb5801&quot;}],&quot;slides_to_show&quot;:&quot;4&quot;,&quot;image_spacing_custom&quot;:{&quot;unit&quot;:&quot;px&quot;,&quot;size&quot;:15,&quot;sizes&quot;:[]},&quot;slides_to_scroll&quot;:&quot;4&quot;,&quot;image_spacing_custom_mobile&quot;:{&quot;unit&quot;:&quot;px&quot;,&quot;size&quot;:10,&quot;sizes&quot;:[]},&quot;speed&quot;:900,&quot;slides_to_show_tablet&quot;:&quot;2&quot;,&quot;slides_to_show_mobile&quot;:&quot;1&quot;,&quot;autoplay&quot;:&quot;yes&quot;,&quot;autoplay_speed&quot;:5000,&quot;pause_on_hover&quot;:&quot;yes&quot;,&quot;pause_on_interaction&quot;:&quot;yes&quot;,&quot;infinite&quot;:&quot;yes&quot;,&quot;offset_sides&quot;:&quot;none&quot;,&quot;arrows&quot;:&quot;yes&quot;,&quot;image_spacing_custom_tablet&quot;:{&quot;unit&quot;:&quot;px&quot;,&quot;size&quot;:&quot;&quot;,&quot;sizes&quot;:[]}}\" data-widget_type=\"nested-carousel.default\">\n\t\t\t\t\t\t\t<div class=\"e-n-carousel swiper\" role=\"region\" aria-roledescription=\"carousel\" aria-label=\"Carousel\" dir=\"ltr\">\n\t\t\t<div class=\"swiper-wrapper\" aria-live=\"off\">\n\t\t\t\t\t\t\t\t\t\t<div class=\"swiper-slide\" data-slide=\"1\" role=\"group\" aria-roledescription=\"slide\" aria-label=\"1 of 5\">\n\t\t\t\t\t\t\t<div class=\"elementor-element elementor-element-bc2223e e-flex e-con-boxed e-con e-child\" data-id=\"bc2223e\" data-element_type=\"container\" data-e-type=\"container\" data-settings=\"{&quot;background_background&quot;:&quot;classic&quot;}\">\n\t\t\t\t\t<div class=\"e-con-inner\">\n\t\t\t\t<div class=\"elementor-element elementor-element-2460f05 elementor-widget elementor-widget-image\" data-id=\"2460f05\" data-element_type=\"widget\" data-e-type=\"widget\" data-widget_type=\"image.default\">\n\t\t\t\t\t\t\t\t\t\t\t\t\t\t\t<img decoding=\"async\" width=\"520\" height=\"390\" src=\"https:\/\/msbois.com\/wp-content\/uploads\/2026\/02\/Restaurant-Intersport.webp\" class=\"attachment-medium_large size-medium_large wp-image-4416\" alt=\"\" srcset=\"https:\/\/msbois.com\/wp-content\/uploads\/2026\/02\/Restaurant-Intersport.webp 520w, https:\/\/msbois.com\/wp-content\/uploads\/2026\/02\/Restaurant-Intersport-300x225.webp 300w\" sizes=\"(max-width: 520px) 100vw, 520px\" \/>\t\t\t\t\t\t\t\t\t\t\t\t\t\t\t<\/div>\n\t\t\t\t<div class=\"elementor-element elementor-element-d2c2e6b elementor-widget elementor-widget-heading\" data-id=\"d2c2e6b\" data-element_type=\"widget\" data-e-type=\"widget\" data-widget_type=\"heading.default\">\n\t\t\t\t\t<p class=\"elementor-heading-title elementor-size-default\">91 - LONGJUMEAU<\/p>\t\t\t\t<\/div>\n\t\t\t\t<div class=\"elementor-element elementor-element-ec0e7a9 elementor-widget elementor-widget-heading\" data-id=\"ec0e7a9\" data-element_type=\"widget\" data-e-type=\"widget\" data-widget_type=\"heading.default\">\n\t\t\t\t\t<h3 class=\"elementor-heading-title elementor-size-default\">Restaurante Intersport<\/h3>\t\t\t\t<\/div>\n\t\t\t\t<div class=\"elementor-element elementor-element-1d15720 elementor-widget elementor-widget-text-editor\" data-id=\"1d15720\" data-element_type=\"widget\" data-e-type=\"widget\" data-widget_type=\"text-editor.default\">\n\t\t\t\t\t\t\t\t\t<p>Restaurante de empresa de la sede en Longjumeau, una arquitectura de 1.200 m\u00b2.<\/p>\t\t\t\t\t\t\t\t<\/div>\n\t\t<div class=\"elementor-element elementor-element-ad3662f e-con-full e-flex e-con e-child\" data-id=\"ad3662f\" data-element_type=\"container\" data-e-type=\"container\">\n\t\t\t\t<div class=\"elementor-element elementor-element-46272fe elementor-align-justify elementor-widget elementor-widget-button\" data-id=\"46272fe\" data-element_type=\"widget\" data-e-type=\"widget\" data-widget_type=\"button.default\">\n\t\t\t\t\t\t\t\t\t\t<a class=\"elementor-button elementor-button-link elementor-size-sm\" href=\"#realisation1\">\n\t\t\t\t\t\t<span class=\"elementor-button-content-wrapper\">\n\t\t\t\t\t\t\t\t\t<span class=\"elementor-button-text\">M\u00e1s informaci\u00f3n<\/span>\n\t\t\t\t\t<\/span>\n\t\t\t\t\t<\/a>\n\t\t\t\t\t\t\t\t<\/div>\n\t\t\t\t<\/div>\n\t\t\t\t\t<\/div>\n\t\t\t\t<\/div>\n\t\t\t\t\t\t\t\t<\/div>\n\t\t\t\t\t\t\t\t\t\t\t<div class=\"swiper-slide\" data-slide=\"2\" role=\"group\" aria-roledescription=\"slide\" aria-label=\"2 of 5\">\n\t\t\t\t\t\t\t<div class=\"elementor-element elementor-element-b84ce23 e-flex e-con-boxed e-con e-child\" data-id=\"b84ce23\" data-element_type=\"container\" data-e-type=\"container\" data-settings=\"{&quot;background_background&quot;:&quot;classic&quot;}\">\n\t\t\t\t\t<div class=\"e-con-inner\">\n\t\t\t\t<div class=\"elementor-element elementor-element-9c17a92 elementor-widget elementor-widget-image\" data-id=\"9c17a92\" data-element_type=\"widget\" data-e-type=\"widget\" data-widget_type=\"image.default\">\n\t\t\t\t\t\t\t\t\t\t\t\t\t\t\t<img decoding=\"async\" width=\"520\" height=\"693\" src=\"https:\/\/msbois.com\/wp-content\/uploads\/2026\/02\/Halles-de-Faverges.webp\" class=\"attachment-medium_large size-medium_large wp-image-4134\" alt=\"\" srcset=\"https:\/\/msbois.com\/wp-content\/uploads\/2026\/02\/Halles-de-Faverges.webp 520w, https:\/\/msbois.com\/wp-content\/uploads\/2026\/02\/Halles-de-Faverges-225x300.webp 225w\" sizes=\"(max-width: 520px) 100vw, 520px\" \/>\t\t\t\t\t\t\t\t\t\t\t\t\t\t\t<\/div>\n\t\t\t\t<div class=\"elementor-element elementor-element-b83633a elementor-widget elementor-widget-heading\" data-id=\"b83633a\" data-element_type=\"widget\" data-e-type=\"widget\" data-widget_type=\"heading.default\">\n\t\t\t\t\t<p class=\"elementor-heading-title elementor-size-default\">74 - Faverges-Seythenex<\/p>\t\t\t\t<\/div>\n\t\t\t\t<div class=\"elementor-element elementor-element-9168d11 elementor-widget elementor-widget-heading\" data-id=\"9168d11\" data-element_type=\"widget\" data-e-type=\"widget\" data-widget_type=\"heading.default\">\n\t\t\t\t\t<h3 class=\"elementor-heading-title elementor-size-default\">Mercado de Faverges<\/h3>\t\t\t\t<\/div>\n\t\t\t\t<div class=\"elementor-element elementor-element-568e1b0 elementor-widget elementor-widget-text-editor\" data-id=\"568e1b0\" data-element_type=\"widget\" data-e-type=\"widget\" data-widget_type=\"text-editor.default\">\n\t\t\t\t\t\t\t\t\t<p>Un mercado funcional y un espacio dedicado a eventos y espect\u00e1culos.<\/p>\t\t\t\t\t\t\t\t<\/div>\n\t\t<div class=\"elementor-element elementor-element-a436e5b e-con-full e-flex e-con e-child\" data-id=\"a436e5b\" data-element_type=\"container\" data-e-type=\"container\">\n\t\t\t\t<div class=\"elementor-element elementor-element-03029ba elementor-align-justify elementor-widget elementor-widget-button\" data-id=\"03029ba\" data-element_type=\"widget\" data-e-type=\"widget\" data-widget_type=\"button.default\">\n\t\t\t\t\t\t\t\t\t\t<a class=\"elementor-button elementor-button-link elementor-size-sm\" href=\"#realisation2\">\n\t\t\t\t\t\t<span class=\"elementor-button-content-wrapper\">\n\t\t\t\t\t\t\t\t\t<span class=\"elementor-button-text\">M\u00e1s informaci\u00f3n<\/span>\n\t\t\t\t\t<\/span>\n\t\t\t\t\t<\/a>\n\t\t\t\t\t\t\t\t<\/div>\n\t\t\t\t<\/div>\n\t\t\t\t\t<\/div>\n\t\t\t\t<\/div>\n\t\t\t\t\t\t\t\t<\/div>\n\t\t\t\t\t\t\t\t\t\t\t<div class=\"swiper-slide\" data-slide=\"3\" role=\"group\" aria-roledescription=\"slide\" aria-label=\"3 of 5\">\n\t\t\t\t\t\t\t<div class=\"elementor-element elementor-element-976fa78 e-flex e-con-boxed e-con e-child\" data-id=\"976fa78\" data-element_type=\"container\" data-e-type=\"container\" data-settings=\"{&quot;background_background&quot;:&quot;classic&quot;}\">\n\t\t\t\t\t<div class=\"e-con-inner\">\n\t\t\t\t<div class=\"elementor-element elementor-element-38856e1 elementor-widget elementor-widget-image\" data-id=\"38856e1\" data-element_type=\"widget\" data-e-type=\"widget\" data-widget_type=\"image.default\">\n\t\t\t\t\t\t\t\t\t\t\t\t\t\t\t<img decoding=\"async\" width=\"520\" height=\"693\" src=\"https:\/\/msbois.com\/wp-content\/uploads\/2026\/02\/Thermes-de-Vals-les-bains.webp\" class=\"attachment-medium_large size-medium_large wp-image-4417\" alt=\"\" srcset=\"https:\/\/msbois.com\/wp-content\/uploads\/2026\/02\/Thermes-de-Vals-les-bains.webp 520w, https:\/\/msbois.com\/wp-content\/uploads\/2026\/02\/Thermes-de-Vals-les-bains-225x300.webp 225w\" sizes=\"(max-width: 520px) 100vw, 520px\" \/>\t\t\t\t\t\t\t\t\t\t\t\t\t\t\t<\/div>\n\t\t\t\t<div class=\"elementor-element elementor-element-6ba28d2 elementor-widget elementor-widget-heading\" data-id=\"6ba28d2\" data-element_type=\"widget\" data-e-type=\"widget\" data-widget_type=\"heading.default\">\n\t\t\t\t\t<p class=\"elementor-heading-title elementor-size-default\">07 - Vals-les-Bains\n<\/p>\t\t\t\t<\/div>\n\t\t\t\t<div class=\"elementor-element elementor-element-8c41c70 elementor-widget elementor-widget-heading\" data-id=\"8c41c70\" data-element_type=\"widget\" data-e-type=\"widget\" data-widget_type=\"heading.default\">\n\t\t\t\t\t<h3 class=\"elementor-heading-title elementor-size-default\">Termas de Vals-les-Bains<\/h3>\t\t\t\t<\/div>\n\t\t\t\t<div class=\"elementor-element elementor-element-4156093 elementor-widget-tablet__width-initial elementor-widget elementor-widget-text-editor\" data-id=\"4156093\" data-element_type=\"widget\" data-e-type=\"widget\" data-widget_type=\"text-editor.default\">\n\t\t\t\t\t\t\t\t\t<p>Proyecto de ampliaci\u00f3n y renovaci\u00f3n en sinton\u00eda con los paisajes de Ardecha.<\/p>\t\t\t\t\t\t\t\t<\/div>\n\t\t<div class=\"elementor-element elementor-element-f9caac7 e-con-full e-flex e-con e-child\" data-id=\"f9caac7\" data-element_type=\"container\" data-e-type=\"container\">\n\t\t\t\t<div class=\"elementor-element elementor-element-51b078e elementor-align-justify elementor-widget elementor-widget-button\" data-id=\"51b078e\" data-element_type=\"widget\" data-e-type=\"widget\" data-widget_type=\"button.default\">\n\t\t\t\t\t\t\t\t\t\t<a class=\"elementor-button elementor-button-link elementor-size-sm\" href=\"#realisation3\">\n\t\t\t\t\t\t<span class=\"elementor-button-content-wrapper\">\n\t\t\t\t\t\t\t\t\t<span class=\"elementor-button-text\">M\u00e1s informaci\u00f3n<\/span>\n\t\t\t\t\t<\/span>\n\t\t\t\t\t<\/a>\n\t\t\t\t\t\t\t\t<\/div>\n\t\t\t\t<\/div>\n\t\t\t\t\t<\/div>\n\t\t\t\t<\/div>\n\t\t\t\t\t\t\t\t<\/div>\n\t\t\t\t\t\t\t\t\t\t\t<div class=\"swiper-slide\" data-slide=\"4\" role=\"group\" aria-roledescription=\"slide\" aria-label=\"4 of 5\">\n\t\t\t\t\t\t\t<div class=\"elementor-element elementor-element-95dc98e e-flex e-con-boxed e-con e-child\" data-id=\"95dc98e\" data-element_type=\"container\" data-e-type=\"container\" data-settings=\"{&quot;background_background&quot;:&quot;classic&quot;}\">\n\t\t\t\t\t<div class=\"e-con-inner\">\n\t\t\t\t<div class=\"elementor-element elementor-element-7928234 elementor-widget elementor-widget-image\" data-id=\"7928234\" data-element_type=\"widget\" data-e-type=\"widget\" data-widget_type=\"image.default\">\n\t\t\t\t\t\t\t\t\t\t\t\t\t\t\t<img decoding=\"async\" width=\"520\" height=\"650\" src=\"https:\/\/msbois.com\/wp-content\/uploads\/2026\/07\/Ombiriere-de-la-gare-bourg-saint-maurice.webp\" class=\"attachment-medium_large size-medium_large wp-image-4418\" alt=\"\" srcset=\"https:\/\/msbois.com\/wp-content\/uploads\/2026\/07\/Ombiriere-de-la-gare-bourg-saint-maurice.webp 520w, https:\/\/msbois.com\/wp-content\/uploads\/2026\/07\/Ombiriere-de-la-gare-bourg-saint-maurice-240x300.webp 240w\" sizes=\"(max-width: 520px) 100vw, 520px\" \/>\t\t\t\t\t\t\t\t\t\t\t\t\t\t\t<\/div>\n\t\t\t\t<div class=\"elementor-element elementor-element-a9e1407 elementor-widget elementor-widget-heading\" data-id=\"a9e1407\" data-element_type=\"widget\" data-e-type=\"widget\" data-widget_type=\"heading.default\">\n\t\t\t\t\t<p class=\"elementor-heading-title elementor-size-default\">74 - Rumilly<\/p>\t\t\t\t<\/div>\n\t\t\t\t<div class=\"elementor-element elementor-element-d7952d4 elementor-widget elementor-widget-heading\" data-id=\"d7952d4\" data-element_type=\"widget\" data-e-type=\"widget\" data-widget_type=\"heading.default\">\n\t\t\t\t\t<h3 class=\"elementor-heading-title elementor-size-default\">Colegio del Ch\u00e9ran<\/h3>\t\t\t\t<\/div>\n\t\t\t\t<div class=\"elementor-element elementor-element-b1a318d elementor-widget elementor-widget-text-editor\" data-id=\"b1a318d\" data-element_type=\"widget\" data-e-type=\"widget\" data-widget_type=\"text-editor.default\">\n\t\t\t\t\t\t\t\t\t<p>Un entorno de estudio funcional y agradable y una ecoconstrucci\u00f3n premiada.<\/p>\t\t\t\t\t\t\t\t<\/div>\n\t\t<div class=\"elementor-element elementor-element-f287cab e-con-full e-flex e-con e-child\" data-id=\"f287cab\" data-element_type=\"container\" data-e-type=\"container\">\n\t\t\t\t<div class=\"elementor-element elementor-element-46abfbc elementor-align-justify elementor-widget elementor-widget-button\" data-id=\"46abfbc\" data-element_type=\"widget\" data-e-type=\"widget\" data-widget_type=\"button.default\">\n\t\t\t\t\t\t\t\t\t\t<a class=\"elementor-button elementor-button-link elementor-size-sm\" href=\"#realisation4\">\n\t\t\t\t\t\t<span class=\"elementor-button-content-wrapper\">\n\t\t\t\t\t\t\t\t\t<span class=\"elementor-button-text\">M\u00e1s informaci\u00f3n<\/span>\n\t\t\t\t\t<\/span>\n\t\t\t\t\t<\/a>\n\t\t\t\t\t\t\t\t<\/div>\n\t\t\t\t<\/div>\n\t\t\t\t\t<\/div>\n\t\t\t\t<\/div>\n\t\t\t\t\t\t\t\t<\/div>\n\t\t\t\t\t\t\t\t\t\t\t<div class=\"swiper-slide\" data-slide=\"5\" role=\"group\" aria-roledescription=\"slide\" aria-label=\"5 of 5\">\n\t\t\t\t\t\t\t<div class=\"elementor-element elementor-element-b597fa4 e-flex e-con-boxed e-con e-child\" data-id=\"b597fa4\" data-element_type=\"container\" data-e-type=\"container\" data-settings=\"{&quot;background_background&quot;:&quot;classic&quot;}\">\n\t\t\t\t\t<div class=\"e-con-inner\">\n\t\t\t\t<div class=\"elementor-element elementor-element-ddc459f elementor-widget elementor-widget-image\" data-id=\"ddc459f\" data-element_type=\"widget\" data-e-type=\"widget\" data-widget_type=\"image.default\">\n\t\t\t\t\t\t\t\t\t\t\t\t\t\t\t<img decoding=\"async\" width=\"520\" height=\"347\" src=\"https:\/\/msbois.com\/wp-content\/uploads\/2026\/02\/College-du-Cheran.webp\" class=\"attachment-medium_large size-medium_large wp-image-4419\" alt=\"\" srcset=\"https:\/\/msbois.com\/wp-content\/uploads\/2026\/02\/College-du-Cheran.webp 520w, https:\/\/msbois.com\/wp-content\/uploads\/2026\/02\/College-du-Cheran-300x200.webp 300w\" sizes=\"(max-width: 520px) 100vw, 520px\" \/>\t\t\t\t\t\t\t\t\t\t\t\t\t\t\t<\/div>\n\t\t\t\t<div class=\"elementor-element elementor-element-c3dabbe elementor-widget elementor-widget-heading\" data-id=\"c3dabbe\" data-element_type=\"widget\" data-e-type=\"widget\" data-widget_type=\"heading.default\">\n\t\t\t\t\t<p class=\"elementor-heading-title elementor-size-default\">73 - BOURG-SAINT-MAURICE<\/p>\t\t\t\t<\/div>\n\t\t\t\t<div class=\"elementor-element elementor-element-e27d24c elementor-widget elementor-widget-heading\" data-id=\"e27d24c\" data-element_type=\"widget\" data-e-type=\"widget\" data-widget_type=\"heading.default\">\n\t\t\t\t\t<h3 class=\"elementor-heading-title elementor-size-default\">Marquesinas de la estaci\u00f3n<\/h3>\t\t\t\t<\/div>\n\t\t\t\t<div class=\"elementor-element elementor-element-e3b77c3 elementor-widget elementor-widget-text-editor\" data-id=\"e3b77c3\" data-element_type=\"widget\" data-e-type=\"widget\" data-widget_type=\"text-editor.default\">\n\t\t\t\t\t\t\t\t\t<p>Un entorno de estudio funcional y agradable y una ecoconstrucci\u00f3n premiada.<\/p>\t\t\t\t\t\t\t\t<\/div>\n\t\t<div class=\"elementor-element elementor-element-5b0c06e e-con-full e-flex e-con e-child\" data-id=\"5b0c06e\" data-element_type=\"container\" data-e-type=\"container\">\n\t\t\t\t<div class=\"elementor-element elementor-element-1921d76 elementor-align-justify elementor-widget elementor-widget-button\" data-id=\"1921d76\" data-element_type=\"widget\" data-e-type=\"widget\" data-widget_type=\"button.default\">\n\t\t\t\t\t\t\t\t\t\t<a class=\"elementor-button elementor-button-link elementor-size-sm\" href=\"#realisation5\">\n\t\t\t\t\t\t<span class=\"elementor-button-content-wrapper\">\n\t\t\t\t\t\t\t\t\t<span class=\"elementor-button-text\">M\u00e1s informaci\u00f3n<\/span>\n\t\t\t\t\t<\/span>\n\t\t\t\t\t<\/a>\n\t\t\t\t\t\t\t\t<\/div>\n\t\t\t\t<\/div>\n\t\t\t\t\t<\/div>\n\t\t\t\t<\/div>\n\t\t\t\t\t\t\t\t<\/div>\n\t\t\t\t\t\t\t\t<\/div>\n\t\t<\/div>\n\t\t\t\t\t<div class=\"elementor-swiper-button elementor-swiper-button-prev\" role=\"button\" tabindex=\"0\" aria-label=\"Anterior\">\n\t\t\t\t<svg aria-hidden=\"true\" class=\"e-font-icon-svg e-eicon-chevron-left\" viewBox=\"0 0 1000 1000\" xmlns=\"http:\/\/www.w3.org\/2000\/svg\"><path d=\"M646 125C629 125 613 133 604 142L308 442C296 454 292 471 292 487 292 504 296 521 308 533L604 854C617 867 629 875 646 875 663 875 679 871 692 858 704 846 713 829 713 812 713 796 708 779 692 767L438 487 692 225C700 217 708 204 708 187 708 171 704 154 692 142 675 129 663 125 646 125Z\"><\/path><\/svg>\t\t\t<\/div>\n\t\t\t<div class=\"elementor-swiper-button elementor-swiper-button-next\" role=\"button\" tabindex=\"0\" aria-label=\"Siguiente\">\n\t\t\t\t<svg aria-hidden=\"true\" class=\"e-font-icon-svg e-eicon-chevron-right\" viewBox=\"0 0 1000 1000\" xmlns=\"http:\/\/www.w3.org\/2000\/svg\"><path d=\"M696 533C708 521 713 504 713 487 713 471 708 454 696 446L400 146C388 133 375 125 354 125 338 125 325 129 313 142 300 154 292 171 292 187 292 204 296 221 308 233L563 492 304 771C292 783 288 800 288 817 288 833 296 850 308 863 321 871 338 875 354 875 371 875 388 867 400 854L696 533Z\"><\/path><\/svg>\t\t\t<\/div>\n\t\t\t\t\t\t<\/div>\n\t\t\t\t<div class=\"elementor-element elementor-element-3922c3e elementor-widget elementor-widget-button\" data-id=\"3922c3e\" data-element_type=\"widget\" data-e-type=\"widget\" data-widget_type=\"button.default\">\n\t\t\t\t\t\t\t\t\t\t<a class=\"elementor-button elementor-button-link elementor-size-sm\" href=\"https:\/\/msbois.com\/es\/contacte-con-ms-bois-aserradero-y-soluciones-en-madera-francesa\/\">\n\t\t\t\t\t\t<span class=\"elementor-button-content-wrapper\">\n\t\t\t\t\t\t<span class=\"elementor-button-icon\">\n\t\t\t\t<svg xmlns=\"http:\/\/www.w3.org\/2000\/svg\" width=\"15\" height=\"13\" viewBox=\"0 0 15 13\" fill=\"none\"><path d=\"M11.351 4.94383L0.970382 11.3056L-3.29262e-05 9.72221L10.3806 3.36039L2.88878 1.85294L3.42448 -7.20024e-05L14.1271 2.15343L11.1878 12.6674L9.29352 12.3036L11.351 4.94383Z\" fill=\"white\"><\/path><\/svg>\t\t\t<\/span>\n\t\t\t\t\t\t\t\t\t<span class=\"elementor-button-text\">CONT\u00c1CTENOS<\/span>\n\t\t\t\t\t<\/span>\n\t\t\t\t\t<\/a>\n\t\t\t\t\t\t\t\t<\/div>\n\t\t\t\t<\/div>\n\t\t\t\t\t<\/div>\n\t\t\t\t<\/div>\n\t\t<div class=\"elementor-element elementor-element-af3907c e-flex e-con-boxed e-con e-parent\" data-id=\"af3907c\" data-element_type=\"container\" data-e-type=\"container\" id=\"realisation1\">\n\t\t\t\t\t<div class=\"e-con-inner\">\n\t\t<div class=\"elementor-element elementor-element-d703c9f e-con-full e-flex e-con e-child\" data-id=\"d703c9f\" data-element_type=\"container\" data-e-type=\"container\">\n\t\t\t\t<div class=\"elementor-element elementor-element-97b8566 elementor-invisible elementor-widget elementor-widget-image\" data-id=\"97b8566\" data-element_type=\"widget\" data-e-type=\"widget\" data-settings=\"{&quot;_animation&quot;:&quot;fadeInLeft&quot;}\" data-widget_type=\"image.default\">\n\t\t\t\t\t\t\t\t\t\t\t\t\t\t\t<img decoding=\"async\" width=\"900\" height=\"567\" src=\"https:\/\/msbois.com\/wp-content\/uploads\/2026\/02\/Forme-Projet-Intersport-1024x645.webp\" class=\"attachment-large size-large wp-image-4420\" alt=\"\" srcset=\"https:\/\/msbois.com\/wp-content\/uploads\/2026\/02\/Forme-Projet-Intersport-1024x645.webp 1024w, https:\/\/msbois.com\/wp-content\/uploads\/2026\/02\/Forme-Projet-Intersport-300x189.webp 300w, https:\/\/msbois.com\/wp-content\/uploads\/2026\/02\/Forme-Projet-Intersport-768x484.webp 768w, https:\/\/msbois.com\/wp-content\/uploads\/2026\/02\/Forme-Projet-Intersport.webp 1100w\" sizes=\"(max-width: 900px) 100vw, 900px\" \/>\t\t\t\t\t\t\t\t\t\t\t\t\t\t\t<\/div>\n\t\t<div class=\"elementor-element elementor-element-59a4f18 e-con-full e-flex e-con e-child\" data-id=\"59a4f18\" data-element_type=\"container\" data-e-type=\"container\">\n\t\t\t\t<div class=\"elementor-element elementor-element-8f43d38 elementor-widget elementor-widget-heading\" data-id=\"8f43d38\" data-element_type=\"widget\" data-e-type=\"widget\" data-widget_type=\"heading.default\">\n\t\t\t\t\t<span class=\"elementor-heading-title elementor-size-default\">RESTAURANTE INTERSPORT FRANCIA - LONGJUMEAU (91)<\/span>\t\t\t\t<\/div>\n\t\t\t\t<div class=\"elementor-element elementor-element-875e3ff elementor-widget elementor-widget-heading\" data-id=\"875e3ff\" data-element_type=\"widget\" data-e-type=\"widget\" data-widget_type=\"heading.default\">\n\t\t\t\t\t<h2 class=\"elementor-heading-title elementor-size-default\">Un restaurante circular en el coraz\u00f3n de la sede de Intersport<\/h2>\t\t\t\t<\/div>\n\t\t\t\t<div class=\"elementor-element elementor-element-3b25c08 elementor-widget elementor-widget-text-editor\" data-id=\"3b25c08\" data-element_type=\"widget\" data-e-type=\"widget\" data-widget_type=\"text-editor.default\">\n\t\t\t\t\t\t\t\t\t<p>La construcci\u00f3n del restaurante de empresa de la sede de <b>Intersport Francia<\/b> en Longjumeau se basa en una arquitectura circular de <b>1.200 m\u00b2<\/b>, concebida como un lugar abierto al exterior y a la vez protector. La estructura de madera contribuye plenamente a la identidad del edificio, ofreciendo una vista panor\u00e1mica y un ambiente acogedor en el coraz\u00f3n de la obra. <\/p>\t\t\t\t\t\t\t\t<\/div>\n\t\t\t\t<div class=\"elementor-element elementor-element-5673ede elementor-widget__width-initial elementor-widget elementor-widget-n-accordion\" data-id=\"5673ede\" data-element_type=\"widget\" data-e-type=\"widget\" data-settings=\"{&quot;default_state&quot;:&quot;all_collapsed&quot;,&quot;max_items_expended&quot;:&quot;one&quot;,&quot;n_accordion_animation_duration&quot;:{&quot;unit&quot;:&quot;ms&quot;,&quot;size&quot;:400,&quot;sizes&quot;:[]}}\" data-widget_type=\"nested-accordion.default\">\n\t\t\t\t\t\t\t<div class=\"e-n-accordion\" aria-label=\"Accordion. Open links with Enter or Space, close with Escape, and navigate with Arrow Keys\">\n\t\t\t\t\t\t<details id=\"e-n-accordion-item-9060\" class=\"e-n-accordion-item\" >\n\t\t\t\t<summary class=\"e-n-accordion-item-title\" data-accordion-index=\"1\" tabindex=\"0\" aria-expanded=\"false\" aria-controls=\"e-n-accordion-item-9060\" >\n\t\t\t\t\t<span class='e-n-accordion-item-title-header'><h3 class=\"e-n-accordion-item-title-text\"> INFORMACI\u00d3N DEL PROYECTO <\/h3><\/span>\n\t\t\t\t\t\t\t<span class='e-n-accordion-item-title-icon'>\n\t\t\t<span class='e-opened' ><svg aria-hidden=\"true\" class=\"e-font-icon-svg e-fas-angle-up\" viewBox=\"0 0 320 512\" xmlns=\"http:\/\/www.w3.org\/2000\/svg\"><path d=\"M177 159.7l136 136c9.4 9.4 9.4 24.6 0 33.9l-22.6 22.6c-9.4 9.4-24.6 9.4-33.9 0L160 255.9l-96.4 96.4c-9.4 9.4-24.6 9.4-33.9 0L7 329.7c-9.4-9.4-9.4-24.6 0-33.9l136-136c9.4-9.5 24.6-9.5 34-.1z\"><\/path><\/svg><\/span>\n\t\t\t<span class='e-closed'><svg aria-hidden=\"true\" class=\"e-font-icon-svg e-fas-angle-down\" viewBox=\"0 0 320 512\" xmlns=\"http:\/\/www.w3.org\/2000\/svg\"><path d=\"M143 352.3L7 216.3c-9.4-9.4-9.4-24.6 0-33.9l22.6-22.6c9.4-9.4 24.6-9.4 33.9 0l96.4 96.4 96.4-96.4c9.4-9.4 24.6-9.4 33.9 0l22.6 22.6c9.4 9.4 9.4 24.6 0 33.9l-136 136c-9.2 9.4-24.4 9.4-33.8 0z\"><\/path><\/svg><\/span>\n\t\t<\/span>\n\n\t\t\t\t\t\t<\/summary>\n\t\t\t\t<div role=\"region\" aria-labelledby=\"e-n-accordion-item-9060\" class=\"elementor-element elementor-element-bfb73ed e-con-full e-flex e-con e-child\" data-id=\"bfb73ed\" data-element_type=\"container\" data-e-type=\"container\">\n\t\t\t\t<div class=\"elementor-element elementor-element-8839a0c elementor-widget elementor-widget-text-editor\" data-id=\"8839a0c\" data-element_type=\"widget\" data-e-type=\"widget\" data-widget_type=\"text-editor.default\">\n\t\t\t\t\t\t\t\t\t<ul><li style=\"font-weight: 400\"><b>Ciudad<\/b><span style=\"font-weight: 400\">: Longjumeau<\/span><\/li><li style=\"font-weight: 400\"><b>Departamento<\/b><span style=\"font-weight: 400\">: 91<\/span><\/li><li style=\"font-weight: 400\"><b>A\u00f1o<\/b><span style=\"font-weight: 400\">: 2019<\/span><\/li><li style=\"font-weight: 400\"><b>Promotor<\/b><span style=\"font-weight: 400\">: Intersport Francia<\/span><\/li><li style=\"font-weight: 400\"><b>Director de obra<\/b><span style=\"font-weight: 400\">: Cruard Charpente<\/span><\/li><li style=\"font-weight: 400\"><b style=\"font-size: inherit;font-family: -apple-system, system-ui, BlinkMacSystemFont, &apos;Segoe UI&apos;, Helvetica, Arial, sans-serif, &apos;Apple Color Emoji&apos;, &apos;Segoe UI Emoji&apos;, &apos;Segoe UI Symbol&apos;\">Arquitecto<\/b><span style=\"font-weight: 400\">: SARL d\u2019architecture DNC \u2013 Dupont Nicolay<\/span><\/li><\/ul>\t\t\t\t\t\t\t\t<\/div>\n\t\t\t\t<\/div>\n\t\t\t\t\t<\/details>\n\t\t\t\t\t\t<details id=\"e-n-accordion-item-9061\" class=\"e-n-accordion-item\" >\n\t\t\t\t<summary class=\"e-n-accordion-item-title\" data-accordion-index=\"2\" tabindex=\"-1\" aria-expanded=\"false\" aria-controls=\"e-n-accordion-item-9061\" >\n\t\t\t\t\t<span class='e-n-accordion-item-title-header'><h3 class=\"e-n-accordion-item-title-text\"> SOLUCIONES DE MADERA IMPLEMENTADAS <\/h3><\/span>\n\t\t\t\t\t\t\t<span class='e-n-accordion-item-title-icon'>\n\t\t\t<span class='e-opened' ><svg aria-hidden=\"true\" class=\"e-font-icon-svg e-fas-angle-up\" viewBox=\"0 0 320 512\" xmlns=\"http:\/\/www.w3.org\/2000\/svg\"><path d=\"M177 159.7l136 136c9.4 9.4 9.4 24.6 0 33.9l-22.6 22.6c-9.4 9.4-24.6 9.4-33.9 0L160 255.9l-96.4 96.4c-9.4 9.4-24.6 9.4-33.9 0L7 329.7c-9.4-9.4-9.4-24.6 0-33.9l136-136c9.4-9.5 24.6-9.5 34-.1z\"><\/path><\/svg><\/span>\n\t\t\t<span class='e-closed'><svg aria-hidden=\"true\" class=\"e-font-icon-svg e-fas-angle-down\" viewBox=\"0 0 320 512\" xmlns=\"http:\/\/www.w3.org\/2000\/svg\"><path d=\"M143 352.3L7 216.3c-9.4-9.4-9.4-24.6 0-33.9l22.6-22.6c9.4-9.4 24.6-9.4 33.9 0l96.4 96.4 96.4-96.4c9.4-9.4 24.6-9.4 33.9 0l22.6 22.6c9.4 9.4 9.4 24.6 0 33.9l-136 136c-9.2 9.4-24.4 9.4-33.8 0z\"><\/path><\/svg><\/span>\n\t\t<\/span>\n\n\t\t\t\t\t\t<\/summary>\n\t\t\t\t<div role=\"region\" aria-labelledby=\"e-n-accordion-item-9061\" class=\"elementor-element elementor-element-bb3967d e-con-full e-flex e-con e-child\" data-id=\"bb3967d\" data-element_type=\"container\" data-e-type=\"container\">\n\t\t\t\t<div class=\"elementor-element elementor-element-f6dbc75 elementor-widget elementor-widget-text-editor\" data-id=\"f6dbc75\" data-element_type=\"widget\" data-e-type=\"widget\" data-widget_type=\"text-editor.default\">\n\t\t\t\t\t\t\t\t\t<ul><li style=\"font-weight: 400\"><span style=\"font-weight: 400\">Estructura central en <\/span><b>madera laminada encolada de abeto<\/b><\/li><li style=\"font-weight: 400\"><span style=\"font-weight: 400\">Correas intermedias y pilares de madera<\/span><\/li><li style=\"font-weight: 400\"><span style=\"font-weight: 400\">Tablas de alero y forjados en <\/span><b>abeto macizo<\/b><\/li><li style=\"font-weight: 400\">Parasoles en <b style=\"font-size: inherit;font-family: -apple-system, system-ui, BlinkMacSystemFont, &apos;Segoe UI&apos;, Helvetica, Arial, sans-serif, &apos;Apple Color Emoji&apos;, &apos;Segoe UI Emoji&apos;, &apos;Segoe UI Symbol&apos;\">Douglas<\/b><\/li><\/ul>\t\t\t\t\t\t\t\t<\/div>\n\t\t\t\t<\/div>\n\t\t\t\t\t<\/details>\n\t\t\t\t\t<\/div>\n\t\t\t\t\t\t<\/div>\n\t\t\t\t<\/div>\n\t\t\t\t<\/div>\n\t\t\t\t\t<\/div>\n\t\t\t\t<\/div>\n\t\t<div class=\"elementor-element elementor-element-8ccb591 e-flex e-con-boxed e-con e-parent\" data-id=\"8ccb591\" data-element_type=\"container\" data-e-type=\"container\" id=\"realisation2\">\n\t\t\t\t\t<div class=\"e-con-inner\">\n\t\t<div class=\"elementor-element elementor-element-1cfcda1 e-con-full e-flex e-con e-child\" data-id=\"1cfcda1\" data-element_type=\"container\" data-e-type=\"container\">\n\t\t\t\t<div class=\"elementor-element elementor-element-69a71da elementor-invisible elementor-widget elementor-widget-image\" data-id=\"69a71da\" data-element_type=\"widget\" data-e-type=\"widget\" data-settings=\"{&quot;_animation&quot;:&quot;fadeInRight&quot;}\" data-widget_type=\"image.default\">\n\t\t\t\t\t\t\t\t\t\t\t\t\t\t\t<img decoding=\"async\" width=\"900\" height=\"978\" src=\"https:\/\/msbois.com\/wp-content\/uploads\/2026\/02\/Forme-Halles-de-faverges-942x1024.webp\" class=\"attachment-large size-large wp-image-4421\" alt=\"\" srcset=\"https:\/\/msbois.com\/wp-content\/uploads\/2026\/02\/Forme-Halles-de-faverges-942x1024.webp 942w, https:\/\/msbois.com\/wp-content\/uploads\/2026\/02\/Forme-Halles-de-faverges-276x300.webp 276w, https:\/\/msbois.com\/wp-content\/uploads\/2026\/02\/Forme-Halles-de-faverges-768x835.webp 768w, https:\/\/msbois.com\/wp-content\/uploads\/2026\/02\/Forme-Halles-de-faverges.webp 1100w\" sizes=\"(max-width: 900px) 100vw, 900px\" \/>\t\t\t\t\t\t\t\t\t\t\t\t\t\t\t<\/div>\n\t\t<div class=\"elementor-element elementor-element-add80d3 e-con-full e-flex e-con e-child\" data-id=\"add80d3\" data-element_type=\"container\" data-e-type=\"container\">\n\t\t\t\t<div class=\"elementor-element elementor-element-912e123 elementor-widget elementor-widget-heading\" data-id=\"912e123\" data-element_type=\"widget\" data-e-type=\"widget\" data-widget_type=\"heading.default\">\n\t\t\t\t\t<span class=\"elementor-heading-title elementor-size-default\">HALLES DE FAVERGES - FAVERGES SEYTHENEX (74)<\/span>\t\t\t\t<\/div>\n\t\t\t\t<div class=\"elementor-element elementor-element-2f9472a elementor-widget elementor-widget-heading\" data-id=\"2f9472a\" data-element_type=\"widget\" data-e-type=\"widget\" data-widget_type=\"heading.default\">\n\t\t\t\t\t<h2 class=\"elementor-heading-title elementor-size-default\">Una instalaci\u00f3n multifuncional al servicio de la ciudad<\/h2>\t\t\t\t<\/div>\n\t\t\t\t<div class=\"elementor-element elementor-element-47480ab elementor-widget elementor-widget-text-editor\" data-id=\"47480ab\" data-element_type=\"widget\" data-e-type=\"widget\" data-widget_type=\"text-editor.default\">\n\t\t\t\t\t\t\t\t\t<p>Las Halles de Faverges responden a una doble vocaci\u00f3n <strong>comercial y cultural<\/strong>, ofreciendo al municipio un mercado funcional y un espacio dedicado a eventos y espect\u00e1culos.<br \/>La elecci\u00f3n de la madera se enmarca en una firme voluntad de poner en valor los <strong>recursos locales<\/strong>, garantizando al mismo tiempo durabilidad, resistencia mec\u00e1nica y control econ\u00f3mico.<\/p>\t\t\t\t\t\t\t\t<\/div>\n\t\t\t\t<div class=\"elementor-element elementor-element-0d260e1 elementor-widget__width-initial elementor-widget elementor-widget-n-accordion\" data-id=\"0d260e1\" data-element_type=\"widget\" data-e-type=\"widget\" data-settings=\"{&quot;default_state&quot;:&quot;all_collapsed&quot;,&quot;max_items_expended&quot;:&quot;one&quot;,&quot;n_accordion_animation_duration&quot;:{&quot;unit&quot;:&quot;ms&quot;,&quot;size&quot;:400,&quot;sizes&quot;:[]}}\" data-widget_type=\"nested-accordion.default\">\n\t\t\t\t\t\t\t<div class=\"e-n-accordion\" aria-label=\"Accordion. Open links with Enter or Space, close with Escape, and navigate with Arrow Keys\">\n\t\t\t\t\t\t<details id=\"e-n-accordion-item-1370\" class=\"e-n-accordion-item\" >\n\t\t\t\t<summary class=\"e-n-accordion-item-title\" data-accordion-index=\"1\" tabindex=\"0\" aria-expanded=\"false\" aria-controls=\"e-n-accordion-item-1370\" >\n\t\t\t\t\t<span class='e-n-accordion-item-title-header'><h3 class=\"e-n-accordion-item-title-text\"> INFORMACI\u00d3N DEL PROYECTO <\/h3><\/span>\n\t\t\t\t\t\t\t<span class='e-n-accordion-item-title-icon'>\n\t\t\t<span class='e-opened' ><svg aria-hidden=\"true\" class=\"e-font-icon-svg e-fas-angle-up\" viewBox=\"0 0 320 512\" xmlns=\"http:\/\/www.w3.org\/2000\/svg\"><path d=\"M177 159.7l136 136c9.4 9.4 9.4 24.6 0 33.9l-22.6 22.6c-9.4 9.4-24.6 9.4-33.9 0L160 255.9l-96.4 96.4c-9.4 9.4-24.6 9.4-33.9 0L7 329.7c-9.4-9.4-9.4-24.6 0-33.9l136-136c9.4-9.5 24.6-9.5 34-.1z\"><\/path><\/svg><\/span>\n\t\t\t<span class='e-closed'><svg aria-hidden=\"true\" class=\"e-font-icon-svg e-fas-angle-down\" viewBox=\"0 0 320 512\" xmlns=\"http:\/\/www.w3.org\/2000\/svg\"><path d=\"M143 352.3L7 216.3c-9.4-9.4-9.4-24.6 0-33.9l22.6-22.6c9.4-9.4 24.6-9.4 33.9 0l96.4 96.4 96.4-96.4c9.4-9.4 24.6-9.4 33.9 0l22.6 22.6c9.4 9.4 9.4 24.6 0 33.9l-136 136c-9.2 9.4-24.4 9.4-33.8 0z\"><\/path><\/svg><\/span>\n\t\t<\/span>\n\n\t\t\t\t\t\t<\/summary>\n\t\t\t\t<div role=\"region\" aria-labelledby=\"e-n-accordion-item-1370\" class=\"elementor-element elementor-element-f943fda e-con-full e-flex e-con e-child\" data-id=\"f943fda\" data-element_type=\"container\" data-e-type=\"container\">\n\t\t\t\t<div class=\"elementor-element elementor-element-386aad8 elementor-widget elementor-widget-text-editor\" data-id=\"386aad8\" data-element_type=\"widget\" data-e-type=\"widget\" data-widget_type=\"text-editor.default\">\n\t\t\t\t\t\t\t\t\t<ul><li style=\"font-weight: 400\"><b>Ciudad<\/b><span style=\"font-weight: 400\">: Faverges-Seythenex<\/span><\/li><li style=\"font-weight: 400\"><b>Departamento<\/b><span style=\"font-weight: 400\">: 74<\/span><\/li><li style=\"font-weight: 400\"><b>A\u00f1o<\/b><span style=\"font-weight: 400\">: 2019<\/span><\/li><li style=\"font-weight: 400\"><b>Promotor<\/b><span style=\"font-weight: 400\">: Municipio de Faverges-Seythenex<\/span><\/li><li style=\"font-weight: 400\"><b style=\"font-size: inherit;font-family: -apple-system, system-ui, BlinkMacSystemFont, &apos;Segoe UI&apos;, Helvetica, Arial, sans-serif, &apos;Apple Color Emoji&apos;, &apos;Segoe UI Emoji&apos;, &apos;Segoe UI Symbol&apos;\">Director de obra \/ Arquitecto<\/b><span style=\"font-weight: 400\">: Atelier NAO \u2013 Arquitectura y estructuras de madera<\/span><\/li><\/ul>\t\t\t\t\t\t\t\t<\/div>\n\t\t\t\t<\/div>\n\t\t\t\t\t<\/details>\n\t\t\t\t\t\t<details id=\"e-n-accordion-item-1371\" class=\"e-n-accordion-item\" >\n\t\t\t\t<summary class=\"e-n-accordion-item-title\" data-accordion-index=\"2\" tabindex=\"-1\" aria-expanded=\"false\" aria-controls=\"e-n-accordion-item-1371\" >\n\t\t\t\t\t<span class='e-n-accordion-item-title-header'><h3 class=\"e-n-accordion-item-title-text\"> SOLUCIONES DE MADERA IMPLEMENTADAS <\/h3><\/span>\n\t\t\t\t\t\t\t<span class='e-n-accordion-item-title-icon'>\n\t\t\t<span class='e-opened' ><svg aria-hidden=\"true\" class=\"e-font-icon-svg e-fas-angle-up\" viewBox=\"0 0 320 512\" xmlns=\"http:\/\/www.w3.org\/2000\/svg\"><path d=\"M177 159.7l136 136c9.4 9.4 9.4 24.6 0 33.9l-22.6 22.6c-9.4 9.4-24.6 9.4-33.9 0L160 255.9l-96.4 96.4c-9.4 9.4-24.6 9.4-33.9 0L7 329.7c-9.4-9.4-9.4-24.6 0-33.9l136-136c9.4-9.5 24.6-9.5 34-.1z\"><\/path><\/svg><\/span>\n\t\t\t<span class='e-closed'><svg aria-hidden=\"true\" class=\"e-font-icon-svg e-fas-angle-down\" viewBox=\"0 0 320 512\" xmlns=\"http:\/\/www.w3.org\/2000\/svg\"><path d=\"M143 352.3L7 216.3c-9.4-9.4-9.4-24.6 0-33.9l22.6-22.6c9.4-9.4 24.6-9.4 33.9 0l96.4 96.4 96.4-96.4c9.4-9.4 24.6-9.4 33.9 0l22.6 22.6c9.4 9.4 9.4 24.6 0 33.9l-136 136c-9.2 9.4-24.4 9.4-33.8 0z\"><\/path><\/svg><\/span>\n\t\t<\/span>\n\n\t\t\t\t\t\t<\/summary>\n\t\t\t\t<div role=\"region\" aria-labelledby=\"e-n-accordion-item-1371\" class=\"elementor-element elementor-element-a5b66d3 e-con-full e-flex e-con e-child\" data-id=\"a5b66d3\" data-element_type=\"container\" data-e-type=\"container\">\n\t\t\t\t<div class=\"elementor-element elementor-element-8efbc82 elementor-widget elementor-widget-text-editor\" data-id=\"8efbc82\" data-element_type=\"widget\" data-e-type=\"widget\" data-widget_type=\"text-editor.default\">\n\t\t\t\t\t\t\t\t\t<ul><li style=\"font-weight: 400\"><span style=\"font-weight: 400\">Estructura principal en <\/span><b>Douglas<\/b><\/li><li style=\"font-weight: 400\"><span style=\"font-weight: 400\">Madera local seleccionada por su durabilidad natural<\/span><\/li><li style=\"font-weight: 400\"><span style=\"font-weight: 400\">Dise\u00f1o adaptado a los m\u00faltiples usos del edificio<\/span><\/li><\/ul>\t\t\t\t\t\t\t\t<\/div>\n\t\t\t\t<\/div>\n\t\t\t\t\t<\/details>\n\t\t\t\t\t<\/div>\n\t\t\t\t\t\t<\/div>\n\t\t\t\t<div class=\"elementor-element elementor-element-2a809e6 elementor-widget elementor-widget-text-editor\" data-id=\"2a809e6\" data-element_type=\"widget\" data-e-type=\"widget\" data-widget_type=\"text-editor.default\">\n\t\t\t\t\t\t\t\t\t<p>La arquitectura contempor\u00e1nea del proyecto se integra plenamente en la historia e identidad de la ciudad, participando al mismo tiempo en su desarrollo.<\/p>\t\t\t\t\t\t\t\t<\/div>\n\t\t\t\t<\/div>\n\t\t\t\t<\/div>\n\t\t\t\t\t<\/div>\n\t\t\t\t<\/div>\n\t\t<div class=\"elementor-element elementor-element-ba4d3d1 e-flex e-con-boxed e-con e-parent\" data-id=\"ba4d3d1\" data-element_type=\"container\" data-e-type=\"container\" id=\"realisation3\">\n\t\t\t\t\t<div class=\"e-con-inner\">\n\t\t<div class=\"elementor-element elementor-element-885a885 e-con-full e-flex e-con e-child\" data-id=\"885a885\" data-element_type=\"container\" data-e-type=\"container\">\n\t\t\t\t<div class=\"elementor-element elementor-element-8564f86 elementor-invisible elementor-widget elementor-widget-image\" data-id=\"8564f86\" data-element_type=\"widget\" data-e-type=\"widget\" data-settings=\"{&quot;_animation&quot;:&quot;fadeInLeft&quot;}\" data-widget_type=\"image.default\">\n\t\t\t\t\t\t\t\t\t\t\t\t\t\t\t<img decoding=\"async\" width=\"900\" height=\"1003\" src=\"https:\/\/msbois.com\/wp-content\/uploads\/2026\/02\/Forme-Thermes-de-vals-les-bains-919x1024.webp\" class=\"attachment-large size-large wp-image-4422\" alt=\"\" srcset=\"https:\/\/msbois.com\/wp-content\/uploads\/2026\/02\/Forme-Thermes-de-vals-les-bains-919x1024.webp 919w, https:\/\/msbois.com\/wp-content\/uploads\/2026\/02\/Forme-Thermes-de-vals-les-bains-269x300.webp 269w, https:\/\/msbois.com\/wp-content\/uploads\/2026\/02\/Forme-Thermes-de-vals-les-bains-768x856.webp 768w, https:\/\/msbois.com\/wp-content\/uploads\/2026\/02\/Forme-Thermes-de-vals-les-bains.webp 1000w\" sizes=\"(max-width: 900px) 100vw, 900px\" \/>\t\t\t\t\t\t\t\t\t\t\t\t\t\t\t<\/div>\n\t\t<div class=\"elementor-element elementor-element-08f1d01 e-con-full e-flex e-con e-child\" data-id=\"08f1d01\" data-element_type=\"container\" data-e-type=\"container\">\n\t\t\t\t<div class=\"elementor-element elementor-element-a13ad7c elementor-widget elementor-widget-heading\" data-id=\"a13ad7c\" data-element_type=\"widget\" data-e-type=\"widget\" data-widget_type=\"heading.default\">\n\t\t\t\t\t<span class=\"elementor-heading-title elementor-size-default\">Termas de Vals-les-Bains \u2013 Vals-les-Bains (07)\n<\/span>\t\t\t\t<\/div>\n\t\t\t\t<div class=\"elementor-element elementor-element-8a6fbb9 elementor-widget__width-initial elementor-widget elementor-widget-heading\" data-id=\"8a6fbb9\" data-element_type=\"widget\" data-e-type=\"widget\" data-widget_type=\"heading.default\">\n\t\t\t\t\t<h2 class=\"elementor-heading-title elementor-size-default\">Una arquitectura de madera en el coraz\u00f3n de un proyecto termal de envergadura europea\n<\/h2>\t\t\t\t<\/div>\n\t\t\t\t<div class=\"elementor-element elementor-element-bee7ae2 elementor-widget elementor-widget-text-editor\" data-id=\"bee7ae2\" data-element_type=\"widget\" data-e-type=\"widget\" data-widget_type=\"text-editor.default\">\n\t\t\t\t\t\t\t\t\t<p>El proyecto de ampliaci\u00f3n y renovaci\u00f3n de las <strong>Termas de Vals-les-Bains<\/strong> rinde homenaje al sector de la madera a trav\u00e9s de una arquitectura ambiciosa, que combina madera y basalto, en sinton\u00eda con los paisajes de Ardecha.<br \/>La obra destaca especialmente por una espectacular estructura de madera tridimensional, que simboliza una <strong>gota de agua<\/strong> sobre el futuro recorrido sensorial.<\/p>\t\t\t\t\t\t\t\t<\/div>\n\t\t\t\t<div class=\"elementor-element elementor-element-91b4eb4 elementor-widget__width-initial elementor-widget elementor-widget-n-accordion\" data-id=\"91b4eb4\" data-element_type=\"widget\" data-e-type=\"widget\" data-settings=\"{&quot;default_state&quot;:&quot;all_collapsed&quot;,&quot;max_items_expended&quot;:&quot;one&quot;,&quot;n_accordion_animation_duration&quot;:{&quot;unit&quot;:&quot;ms&quot;,&quot;size&quot;:400,&quot;sizes&quot;:[]}}\" data-widget_type=\"nested-accordion.default\">\n\t\t\t\t\t\t\t<div class=\"e-n-accordion\" aria-label=\"Accordion. Open links with Enter or Space, close with Escape, and navigate with Arrow Keys\">\n\t\t\t\t\t\t<details id=\"e-n-accordion-item-1520\" class=\"e-n-accordion-item\" >\n\t\t\t\t<summary class=\"e-n-accordion-item-title\" data-accordion-index=\"1\" tabindex=\"0\" aria-expanded=\"false\" aria-controls=\"e-n-accordion-item-1520\" >\n\t\t\t\t\t<span class='e-n-accordion-item-title-header'><h3 class=\"e-n-accordion-item-title-text\"> INFORMACI\u00d3N DEL PROYECTO <\/h3><\/span>\n\t\t\t\t\t\t\t<span class='e-n-accordion-item-title-icon'>\n\t\t\t<span class='e-opened' ><svg aria-hidden=\"true\" class=\"e-font-icon-svg e-fas-angle-up\" viewBox=\"0 0 320 512\" xmlns=\"http:\/\/www.w3.org\/2000\/svg\"><path d=\"M177 159.7l136 136c9.4 9.4 9.4 24.6 0 33.9l-22.6 22.6c-9.4 9.4-24.6 9.4-33.9 0L160 255.9l-96.4 96.4c-9.4 9.4-24.6 9.4-33.9 0L7 329.7c-9.4-9.4-9.4-24.6 0-33.9l136-136c9.4-9.5 24.6-9.5 34-.1z\"><\/path><\/svg><\/span>\n\t\t\t<span class='e-closed'><svg aria-hidden=\"true\" class=\"e-font-icon-svg e-fas-angle-down\" viewBox=\"0 0 320 512\" xmlns=\"http:\/\/www.w3.org\/2000\/svg\"><path d=\"M143 352.3L7 216.3c-9.4-9.4-9.4-24.6 0-33.9l22.6-22.6c9.4-9.4 24.6-9.4 33.9 0l96.4 96.4 96.4-96.4c9.4-9.4 24.6-9.4 33.9 0l22.6 22.6c9.4 9.4 9.4 24.6 0 33.9l-136 136c-9.2 9.4-24.4 9.4-33.8 0z\"><\/path><\/svg><\/span>\n\t\t<\/span>\n\n\t\t\t\t\t\t<\/summary>\n\t\t\t\t<div role=\"region\" aria-labelledby=\"e-n-accordion-item-1520\" class=\"elementor-element elementor-element-fc851c5 e-con-full e-flex e-con e-child\" data-id=\"fc851c5\" data-element_type=\"container\" data-e-type=\"container\">\n\t\t\t\t<div class=\"elementor-element elementor-element-132c669 elementor-widget elementor-widget-text-editor\" data-id=\"132c669\" data-element_type=\"widget\" data-e-type=\"widget\" data-widget_type=\"text-editor.default\">\n\t\t\t\t\t\t\t\t\t<ul><li style=\"font-weight: 400\"><b>Ciudad<\/b><span style=\"font-weight: 400\">: Vals-les-Bains<\/span><\/li><li style=\"font-weight: 400\"><b>Departamento<\/b><span style=\"font-weight: 400\">: 07<\/span><\/li><li style=\"font-weight: 400\"><b>A\u00f1o<\/b><span style=\"font-weight: 400\">: 2020<\/span><\/li><li style=\"font-weight: 400\"><b>Promotor<\/b><span style=\"font-weight: 400\">: SITHERE<\/span><\/li><li style=\"font-weight: 400\"><b style=\"font-size: inherit;font-family: -apple-system, system-ui, BlinkMacSystemFont, &apos;Segoe UI&apos;, Helvetica, Arial, sans-serif, &apos;Apple Color Emoji&apos;, &apos;Segoe UI Emoji&apos;, &apos;Segoe UI Symbol&apos;\">Arquitecto<\/b><span style=\"font-weight: 400\">: Luc Demolombe<\/span><\/li><\/ul>\t\t\t\t\t\t\t\t<\/div>\n\t\t\t\t<\/div>\n\t\t\t\t\t<\/details>\n\t\t\t\t\t\t<details id=\"e-n-accordion-item-1521\" class=\"e-n-accordion-item\" >\n\t\t\t\t<summary class=\"e-n-accordion-item-title\" data-accordion-index=\"2\" tabindex=\"-1\" aria-expanded=\"false\" aria-controls=\"e-n-accordion-item-1521\" >\n\t\t\t\t\t<span class='e-n-accordion-item-title-header'><h3 class=\"e-n-accordion-item-title-text\"> SOLUCIONES DE MADERA IMPLEMENTADAS <\/h3><\/span>\n\t\t\t\t\t\t\t<span class='e-n-accordion-item-title-icon'>\n\t\t\t<span class='e-opened' ><svg aria-hidden=\"true\" class=\"e-font-icon-svg e-fas-angle-up\" viewBox=\"0 0 320 512\" xmlns=\"http:\/\/www.w3.org\/2000\/svg\"><path d=\"M177 159.7l136 136c9.4 9.4 9.4 24.6 0 33.9l-22.6 22.6c-9.4 9.4-24.6 9.4-33.9 0L160 255.9l-96.4 96.4c-9.4 9.4-24.6 9.4-33.9 0L7 329.7c-9.4-9.4-9.4-24.6 0-33.9l136-136c9.4-9.5 24.6-9.5 34-.1z\"><\/path><\/svg><\/span>\n\t\t\t<span class='e-closed'><svg aria-hidden=\"true\" class=\"e-font-icon-svg e-fas-angle-down\" viewBox=\"0 0 320 512\" xmlns=\"http:\/\/www.w3.org\/2000\/svg\"><path d=\"M143 352.3L7 216.3c-9.4-9.4-9.4-24.6 0-33.9l22.6-22.6c9.4-9.4 24.6-9.4 33.9 0l96.4 96.4 96.4-96.4c9.4-9.4 24.6-9.4 33.9 0l22.6 22.6c9.4 9.4 9.4 24.6 0 33.9l-136 136c-9.2 9.4-24.4 9.4-33.8 0z\"><\/path><\/svg><\/span>\n\t\t<\/span>\n\n\t\t\t\t\t\t<\/summary>\n\t\t\t\t<div role=\"region\" aria-labelledby=\"e-n-accordion-item-1521\" class=\"elementor-element elementor-element-60b8c59 e-con-full e-flex e-con e-child\" data-id=\"60b8c59\" data-element_type=\"container\" data-e-type=\"container\">\n\t\t\t\t<div class=\"elementor-element elementor-element-b9ed051 elementor-widget elementor-widget-text-editor\" data-id=\"b9ed051\" data-element_type=\"widget\" data-e-type=\"widget\" data-widget_type=\"text-editor.default\">\n\t\t\t\t\t\t\t\t\t<ul><li style=\"font-weight: 400\"><span style=\"font-weight: 400\">Estructura tridimensionale en <\/span><b>Douglas laminado encolado<\/b><span style=\"font-weight: 400\"> con uniones encoladas (tipo Resix)<\/span><\/li><li style=\"font-weight: 400\"><span style=\"font-weight: 400\">Estructura tradicional de cuatro naves en <\/span><b>Douglas macizo<\/b><\/li><li style=\"font-weight: 400\">Pilares y muros de entramado de madera<\/li><\/ul>\t\t\t\t\t\t\t\t<\/div>\n\t\t\t\t<\/div>\n\t\t\t\t\t<\/details>\n\t\t\t\t\t<\/div>\n\t\t\t\t\t\t<\/div>\n\t\t\t\t<div class=\"elementor-element elementor-element-9d51246 elementor-widget elementor-widget-text-editor\" data-id=\"9d51246\" data-element_type=\"widget\" data-e-type=\"widget\" data-widget_type=\"text-editor.default\">\n\t\t\t\t\t\t\t\t\t<p>Con el apoyo de la <strong>ADEME<\/strong> y Europa, este proyecto pone en valor la madera como material central de un edificio termal de alta gama, sostenible e innovador.<\/p>\t\t\t\t\t\t\t\t<\/div>\n\t\t\t\t<\/div>\n\t\t\t\t<\/div>\n\t\t\t\t\t<\/div>\n\t\t\t\t<\/div>\n\t\t<div class=\"elementor-element elementor-element-7aeda89 e-flex e-con-boxed e-con e-parent\" data-id=\"7aeda89\" data-element_type=\"container\" data-e-type=\"container\" id=\"realisation4\">\n\t\t\t\t\t<div class=\"e-con-inner\">\n\t\t<div class=\"elementor-element elementor-element-17d01f6 e-con-full e-flex e-con e-child\" data-id=\"17d01f6\" data-element_type=\"container\" data-e-type=\"container\">\n\t\t\t\t<div class=\"elementor-element elementor-element-5195ec7 elementor-invisible elementor-widget elementor-widget-image\" data-id=\"5195ec7\" data-element_type=\"widget\" data-e-type=\"widget\" data-settings=\"{&quot;_animation&quot;:&quot;fadeInRight&quot;}\" data-widget_type=\"image.default\">\n\t\t\t\t\t\t\t\t\t\t\t\t\t\t\t<img decoding=\"async\" width=\"755\" height=\"1024\" src=\"https:\/\/msbois.com\/wp-content\/uploads\/2026\/02\/Forme-College-du-cheran-755x1024.webp\" class=\"attachment-large size-large wp-image-4423\" alt=\"\" srcset=\"https:\/\/msbois.com\/wp-content\/uploads\/2026\/02\/Forme-College-du-cheran-755x1024.webp 755w, https:\/\/msbois.com\/wp-content\/uploads\/2026\/02\/Forme-College-du-cheran-221x300.webp 221w, https:\/\/msbois.com\/wp-content\/uploads\/2026\/02\/Forme-College-du-cheran-768x1041.webp 768w, https:\/\/msbois.com\/wp-content\/uploads\/2026\/02\/Forme-College-du-cheran.webp 1100w\" sizes=\"(max-width: 755px) 100vw, 755px\" \/>\t\t\t\t\t\t\t\t\t\t\t\t\t\t\t<\/div>\n\t\t<div class=\"elementor-element elementor-element-26762d6 e-con-full e-flex e-con e-child\" data-id=\"26762d6\" data-element_type=\"container\" data-e-type=\"container\">\n\t\t\t\t<div class=\"elementor-element elementor-element-d782b60 elementor-widget elementor-widget-heading\" data-id=\"d782b60\" data-element_type=\"widget\" data-e-type=\"widget\" data-widget_type=\"heading.default\">\n\t\t\t\t\t<span class=\"elementor-heading-title elementor-size-default\">Colegio del Ch\u00e9ran \u2013 Rumilly (74)<\/span>\t\t\t\t<\/div>\n\t\t\t\t<div class=\"elementor-element elementor-element-096356a elementor-widget__width-initial elementor-widget elementor-widget-heading\" data-id=\"096356a\" data-element_type=\"widget\" data-e-type=\"widget\" data-widget_type=\"heading.default\">\n\t\t\t\t\t<h2 class=\"elementor-heading-title elementor-size-default\">Una ecoconstrucci\u00f3n premiada, arraigada en su territorio<\/h2>\t\t\t\t<\/div>\n\t\t\t\t<div class=\"elementor-element elementor-element-17ecc4c elementor-widget elementor-widget-text-editor\" data-id=\"17ecc4c\" data-element_type=\"widget\" data-e-type=\"widget\" data-widget_type=\"text-editor.default\">\n\t\t\t\t\t\t\t\t\t<p>El <strong>Colegio del Ch\u00e9ran<\/strong> ha sido dise\u00f1ado para ofrecer un entorno de estudio funcional y agradable, integrando al mismo tiempo altas exigencias en materia de <strong>rendimiento ambiental<\/strong>, control energ\u00e9tico y puesta en valor de los recursos locales.<br \/>Este proyecto fue distinguido con el <strong>Gran Premio regional Auvergne-Rh\u00f4ne-Alpes Fibois 2019<\/strong>.<\/p>\t\t\t\t\t\t\t\t<\/div>\n\t\t\t\t<div class=\"elementor-element elementor-element-4221219 elementor-widget__width-initial elementor-widget elementor-widget-n-accordion\" data-id=\"4221219\" data-element_type=\"widget\" data-e-type=\"widget\" data-settings=\"{&quot;default_state&quot;:&quot;all_collapsed&quot;,&quot;max_items_expended&quot;:&quot;one&quot;,&quot;n_accordion_animation_duration&quot;:{&quot;unit&quot;:&quot;ms&quot;,&quot;size&quot;:400,&quot;sizes&quot;:[]}}\" data-widget_type=\"nested-accordion.default\">\n\t\t\t\t\t\t\t<div class=\"e-n-accordion\" aria-label=\"Accordion. Open links with Enter or Space, close with Escape, and navigate with Arrow Keys\">\n\t\t\t\t\t\t<details id=\"e-n-accordion-item-6930\" class=\"e-n-accordion-item\" >\n\t\t\t\t<summary class=\"e-n-accordion-item-title\" data-accordion-index=\"1\" tabindex=\"0\" aria-expanded=\"false\" aria-controls=\"e-n-accordion-item-6930\" >\n\t\t\t\t\t<span class='e-n-accordion-item-title-header'><h3 class=\"e-n-accordion-item-title-text\"> INFORMACI\u00d3N DEL PROYECTO <\/h3><\/span>\n\t\t\t\t\t\t\t<span class='e-n-accordion-item-title-icon'>\n\t\t\t<span class='e-opened' ><svg aria-hidden=\"true\" class=\"e-font-icon-svg e-fas-angle-up\" viewBox=\"0 0 320 512\" xmlns=\"http:\/\/www.w3.org\/2000\/svg\"><path d=\"M177 159.7l136 136c9.4 9.4 9.4 24.6 0 33.9l-22.6 22.6c-9.4 9.4-24.6 9.4-33.9 0L160 255.9l-96.4 96.4c-9.4 9.4-24.6 9.4-33.9 0L7 329.7c-9.4-9.4-9.4-24.6 0-33.9l136-136c9.4-9.5 24.6-9.5 34-.1z\"><\/path><\/svg><\/span>\n\t\t\t<span class='e-closed'><svg aria-hidden=\"true\" class=\"e-font-icon-svg e-fas-angle-down\" viewBox=\"0 0 320 512\" xmlns=\"http:\/\/www.w3.org\/2000\/svg\"><path d=\"M143 352.3L7 216.3c-9.4-9.4-9.4-24.6 0-33.9l22.6-22.6c9.4-9.4 24.6-9.4 33.9 0l96.4 96.4 96.4-96.4c9.4-9.4 24.6-9.4 33.9 0l22.6 22.6c9.4 9.4 9.4 24.6 0 33.9l-136 136c-9.2 9.4-24.4 9.4-33.8 0z\"><\/path><\/svg><\/span>\n\t\t<\/span>\n\n\t\t\t\t\t\t<\/summary>\n\t\t\t\t<div role=\"region\" aria-labelledby=\"e-n-accordion-item-6930\" class=\"elementor-element elementor-element-768d4c6 e-con-full e-flex e-con e-child\" data-id=\"768d4c6\" data-element_type=\"container\" data-e-type=\"container\">\n\t\t\t\t<div class=\"elementor-element elementor-element-f0c6187 elementor-widget elementor-widget-text-editor\" data-id=\"f0c6187\" data-element_type=\"widget\" data-e-type=\"widget\" data-widget_type=\"text-editor.default\">\n\t\t\t\t\t\t\t\t\t<ul><li style=\"font-weight: 400\"><b>Ciudad<\/b><span style=\"font-weight: 400\">: Rumilly<\/span><\/li><li style=\"font-weight: 400\"><b>Departamento<\/b><span style=\"font-weight: 400\">: 74<\/span><\/li><li style=\"font-weight: 400\"><b>A\u00f1o<\/b><span style=\"font-weight: 400\">: 2018<\/span><\/li><li style=\"font-weight: 400\"><b>Promotor<\/b><span style=\"font-weight: 400\">: Consejo departamental de la Alta Saboya, BE Plantier<\/span><\/li><li style=\"font-weight: 400\"><b style=\"font-size: inherit;font-family: -apple-system, system-ui, BlinkMacSystemFont, &apos;Segoe UI&apos;, Helvetica, Arial, sans-serif, &apos;Apple Color Emoji&apos;, &apos;Segoe UI Emoji&apos;, &apos;Segoe UI Symbol&apos;\">Director de obra \/ Arquitecto<\/b><span style=\"font-weight: 400\">: AER Architectes, ADELA Architecte<\/span><\/li><\/ul>\t\t\t\t\t\t\t\t<\/div>\n\t\t\t\t<\/div>\n\t\t\t\t\t<\/details>\n\t\t\t\t\t\t<details id=\"e-n-accordion-item-6931\" class=\"e-n-accordion-item\" >\n\t\t\t\t<summary class=\"e-n-accordion-item-title\" data-accordion-index=\"2\" tabindex=\"-1\" aria-expanded=\"false\" aria-controls=\"e-n-accordion-item-6931\" >\n\t\t\t\t\t<span class='e-n-accordion-item-title-header'><h3 class=\"e-n-accordion-item-title-text\"> SOLUCIONES DE MADERA IMPLEMENTADAS <\/h3><\/span>\n\t\t\t\t\t\t\t<span class='e-n-accordion-item-title-icon'>\n\t\t\t<span class='e-opened' ><svg aria-hidden=\"true\" class=\"e-font-icon-svg e-fas-angle-up\" viewBox=\"0 0 320 512\" xmlns=\"http:\/\/www.w3.org\/2000\/svg\"><path d=\"M177 159.7l136 136c9.4 9.4 9.4 24.6 0 33.9l-22.6 22.6c-9.4 9.4-24.6 9.4-33.9 0L160 255.9l-96.4 96.4c-9.4 9.4-24.6 9.4-33.9 0L7 329.7c-9.4-9.4-9.4-24.6 0-33.9l136-136c9.4-9.5 24.6-9.5 34-.1z\"><\/path><\/svg><\/span>\n\t\t\t<span class='e-closed'><svg aria-hidden=\"true\" class=\"e-font-icon-svg e-fas-angle-down\" viewBox=\"0 0 320 512\" xmlns=\"http:\/\/www.w3.org\/2000\/svg\"><path d=\"M143 352.3L7 216.3c-9.4-9.4-9.4-24.6 0-33.9l22.6-22.6c9.4-9.4 24.6-9.4 33.9 0l96.4 96.4 96.4-96.4c9.4-9.4 24.6-9.4 33.9 0l22.6 22.6c9.4 9.4 9.4 24.6 0 33.9l-136 136c-9.2 9.4-24.4 9.4-33.8 0z\"><\/path><\/svg><\/span>\n\t\t<\/span>\n\n\t\t\t\t\t\t<\/summary>\n\t\t\t\t<div role=\"region\" aria-labelledby=\"e-n-accordion-item-6931\" class=\"elementor-element elementor-element-bfbaef7 e-con-full e-flex e-con e-child\" data-id=\"bfbaef7\" data-element_type=\"container\" data-e-type=\"container\">\n\t\t\t\t<div class=\"elementor-element elementor-element-f12c45b elementor-widget elementor-widget-text-editor\" data-id=\"f12c45b\" data-element_type=\"widget\" data-e-type=\"widget\" data-widget_type=\"text-editor.default\">\n\t\t\t\t\t\t\t\t\t<ul><li style=\"font-weight: 400\"><span style=\"font-weight: 400\">Entramado, forjados y estructura en <\/span><b>abeto local macizo y laminado encolado<\/b><\/li><li style=\"font-weight: 400\">Elementos exteriores en <b style=\"font-size: inherit;font-family: -apple-system, system-ui, BlinkMacSystemFont, &apos;Segoe UI&apos;, Helvetica, Arial, sans-serif, &apos;Apple Color Emoji&apos;, &apos;Segoe UI Emoji&apos;, &apos;Segoe UI Symbol&apos;\">laminado encolado o madera empalmada de alerce<\/b><\/li><\/ul>\t\t\t\t\t\t\t\t<\/div>\n\t\t\t\t<\/div>\n\t\t\t\t\t<\/details>\n\t\t\t\t\t<\/div>\n\t\t\t\t\t\t<\/div>\n\t\t\t\t<\/div>\n\t\t\t\t<\/div>\n\t\t\t\t\t<\/div>\n\t\t\t\t<\/div>\n\t\t<div class=\"elementor-element elementor-element-86f24b3 e-flex e-con-boxed e-con e-parent\" data-id=\"86f24b3\" data-element_type=\"container\" data-e-type=\"container\" id=\"realisation5\">\n\t\t\t\t\t<div class=\"e-con-inner\">\n\t\t<div class=\"elementor-element elementor-element-c07b888 e-con-full e-flex e-con e-child\" data-id=\"c07b888\" data-element_type=\"container\" data-e-type=\"container\">\n\t\t\t\t<div class=\"elementor-element elementor-element-9b6c231 elementor-invisible elementor-widget elementor-widget-image\" data-id=\"9b6c231\" data-element_type=\"widget\" data-e-type=\"widget\" data-settings=\"{&quot;_animation&quot;:&quot;fadeInLeft&quot;}\" data-widget_type=\"image.default\">\n\t\t\t\t\t\t\t\t\t\t\t\t\t\t\t<img decoding=\"async\" width=\"900\" height=\"1007\" src=\"https:\/\/msbois.com\/wp-content\/uploads\/2026\/07\/Ombrieres-de-la-gare-Bourg-saint-maurice-915x1024.webp\" class=\"attachment-large size-large wp-image-4424\" alt=\"\" srcset=\"https:\/\/msbois.com\/wp-content\/uploads\/2026\/07\/Ombrieres-de-la-gare-Bourg-saint-maurice-915x1024.webp 915w, https:\/\/msbois.com\/wp-content\/uploads\/2026\/07\/Ombrieres-de-la-gare-Bourg-saint-maurice-268x300.webp 268w, https:\/\/msbois.com\/wp-content\/uploads\/2026\/07\/Ombrieres-de-la-gare-Bourg-saint-maurice-768x859.webp 768w, https:\/\/msbois.com\/wp-content\/uploads\/2026\/07\/Ombrieres-de-la-gare-Bourg-saint-maurice.webp 1000w\" sizes=\"(max-width: 900px) 100vw, 900px\" \/>\t\t\t\t\t\t\t\t\t\t\t\t\t\t\t<\/div>\n\t\t<div class=\"elementor-element elementor-element-1e1e9b8 e-con-full e-flex e-con e-child\" data-id=\"1e1e9b8\" data-element_type=\"container\" data-e-type=\"container\">\n\t\t\t\t<div class=\"elementor-element elementor-element-f8afdf8 elementor-widget elementor-widget-heading\" data-id=\"f8afdf8\" data-element_type=\"widget\" data-e-type=\"widget\" data-widget_type=\"heading.default\">\n\t\t\t\t\t<span class=\"elementor-heading-title elementor-size-default\">Marquesinas de la estaci\u00f3n de autobuses - Bourg-Saint-Maurice (73)<\/span>\t\t\t\t<\/div>\n\t\t\t\t<div class=\"elementor-element elementor-element-2419ef2 elementor-widget__width-initial elementor-widget elementor-widget-heading\" data-id=\"2419ef2\" data-element_type=\"widget\" data-e-type=\"widget\" data-widget_type=\"heading.default\">\n\t\t\t\t\t<h2 class=\"elementor-heading-title elementor-size-default\">Una infraestructura de madera al servicio de la movilidad sostenible<\/h2>\t\t\t\t<\/div>\n\t\t\t\t<div class=\"elementor-element elementor-element-60352c5 elementor-widget elementor-widget-text-editor\" data-id=\"60352c5\" data-element_type=\"widget\" data-e-type=\"widget\" data-widget_type=\"text-editor.default\">\n\t\t\t\t\t\t\t\t\t<p><strong>La modernizaci\u00f3n del centro de transbordo de Bourg-Saint-Maurice<\/strong> ilustra la experiencia de MS BOIS en el dise\u00f1o de infraestructuras sostenibles. El uso de <strong>Douglas local libre de albura<\/strong> asegura una resistencia mec\u00e1nica \u00f3ptima ante las condiciones clim\u00e1ticas de Saboya, al tiempo que potencia los circuitos cortos. Este <strong>proyecto de marquesinas<\/strong> demuestra la capacidad del primer aserrador de Douglas europeo para responder a las exigencias t\u00e9cnicas de los edificios de uso p\u00fablico en monta\u00f1a.  <\/p>\t\t\t\t\t\t\t\t<\/div>\n\t\t\t\t<div class=\"elementor-element elementor-element-ac8dc4f elementor-widget__width-initial elementor-widget elementor-widget-n-accordion\" data-id=\"ac8dc4f\" data-element_type=\"widget\" data-e-type=\"widget\" data-settings=\"{&quot;default_state&quot;:&quot;all_collapsed&quot;,&quot;max_items_expended&quot;:&quot;one&quot;,&quot;n_accordion_animation_duration&quot;:{&quot;unit&quot;:&quot;ms&quot;,&quot;size&quot;:400,&quot;sizes&quot;:[]}}\" data-widget_type=\"nested-accordion.default\">\n\t\t\t\t\t\t\t<div class=\"e-n-accordion\" aria-label=\"Accordion. Open links with Enter or Space, close with Escape, and navigate with Arrow Keys\">\n\t\t\t\t\t\t<details id=\"e-n-accordion-item-1800\" class=\"e-n-accordion-item\" >\n\t\t\t\t<summary class=\"e-n-accordion-item-title\" data-accordion-index=\"1\" tabindex=\"0\" aria-expanded=\"false\" aria-controls=\"e-n-accordion-item-1800\" >\n\t\t\t\t\t<span class='e-n-accordion-item-title-header'><h3 class=\"e-n-accordion-item-title-text\"> INFORMACI\u00d3N DEL PROYECTO <\/h3><\/span>\n\t\t\t\t\t\t\t<span class='e-n-accordion-item-title-icon'>\n\t\t\t<span class='e-opened' ><svg aria-hidden=\"true\" class=\"e-font-icon-svg e-fas-angle-up\" viewBox=\"0 0 320 512\" xmlns=\"http:\/\/www.w3.org\/2000\/svg\"><path d=\"M177 159.7l136 136c9.4 9.4 9.4 24.6 0 33.9l-22.6 22.6c-9.4 9.4-24.6 9.4-33.9 0L160 255.9l-96.4 96.4c-9.4 9.4-24.6 9.4-33.9 0L7 329.7c-9.4-9.4-9.4-24.6 0-33.9l136-136c9.4-9.5 24.6-9.5 34-.1z\"><\/path><\/svg><\/span>\n\t\t\t<span class='e-closed'><svg aria-hidden=\"true\" class=\"e-font-icon-svg e-fas-angle-down\" viewBox=\"0 0 320 512\" xmlns=\"http:\/\/www.w3.org\/2000\/svg\"><path d=\"M143 352.3L7 216.3c-9.4-9.4-9.4-24.6 0-33.9l22.6-22.6c9.4-9.4 24.6-9.4 33.9 0l96.4 96.4 96.4-96.4c9.4-9.4 24.6-9.4 33.9 0l22.6 22.6c9.4 9.4 9.4 24.6 0 33.9l-136 136c-9.2 9.4-24.4 9.4-33.8 0z\"><\/path><\/svg><\/span>\n\t\t<\/span>\n\n\t\t\t\t\t\t<\/summary>\n\t\t\t\t<div role=\"region\" aria-labelledby=\"e-n-accordion-item-1800\" class=\"elementor-element elementor-element-a7e71f8 e-con-full e-flex e-con e-child\" data-id=\"a7e71f8\" data-element_type=\"container\" data-e-type=\"container\">\n\t\t\t\t<div class=\"elementor-element elementor-element-7e3542f elementor-widget elementor-widget-text-editor\" data-id=\"7e3542f\" data-element_type=\"widget\" data-e-type=\"widget\" data-widget_type=\"text-editor.default\">\n\t\t\t\t\t\t\t\t\t<ul><li style=\"font-weight: 400\"><span style=\"font-weight: 400\">Ciudad: Bourg-Saint-Maurice<\/span><\/li><li style=\"font-weight: 400\"><span style=\"font-weight: 400\">Departamento: 73<\/span><\/li><li style=\"font-weight: 400\"><span style=\"font-weight: 400\">A\u00f1o: 2025<\/span><\/li><li style=\"font-weight: 400\"><span style=\"font-weight: 400\">Promotor: Municipio de Bourg-Saint-Maurice<\/span><\/li><li style=\"font-weight: 400\"><span style=\"font-weight: 400\">Arquitecto: SP Architecte \u2013 Sylvain Perillat<\/span><\/li><\/ul>\t\t\t\t\t\t\t\t<\/div>\n\t\t\t\t<\/div>\n\t\t\t\t\t<\/details>\n\t\t\t\t\t\t<details id=\"e-n-accordion-item-1801\" class=\"e-n-accordion-item\" >\n\t\t\t\t<summary class=\"e-n-accordion-item-title\" data-accordion-index=\"2\" tabindex=\"-1\" aria-expanded=\"false\" aria-controls=\"e-n-accordion-item-1801\" >\n\t\t\t\t\t<span class='e-n-accordion-item-title-header'><h3 class=\"e-n-accordion-item-title-text\"> SOLUCIONES DE MADERA IMPLEMENTADAS <\/h3><\/span>\n\t\t\t\t\t\t\t<span class='e-n-accordion-item-title-icon'>\n\t\t\t<span class='e-opened' ><svg aria-hidden=\"true\" class=\"e-font-icon-svg e-fas-angle-up\" viewBox=\"0 0 320 512\" xmlns=\"http:\/\/www.w3.org\/2000\/svg\"><path d=\"M177 159.7l136 136c9.4 9.4 9.4 24.6 0 33.9l-22.6 22.6c-9.4 9.4-24.6 9.4-33.9 0L160 255.9l-96.4 96.4c-9.4 9.4-24.6 9.4-33.9 0L7 329.7c-9.4-9.4-9.4-24.6 0-33.9l136-136c9.4-9.5 24.6-9.5 34-.1z\"><\/path><\/svg><\/span>\n\t\t\t<span class='e-closed'><svg aria-hidden=\"true\" class=\"e-font-icon-svg e-fas-angle-down\" viewBox=\"0 0 320 512\" xmlns=\"http:\/\/www.w3.org\/2000\/svg\"><path d=\"M143 352.3L7 216.3c-9.4-9.4-9.4-24.6 0-33.9l22.6-22.6c9.4-9.4 24.6-9.4 33.9 0l96.4 96.4 96.4-96.4c9.4-9.4 24.6-9.4 33.9 0l22.6 22.6c9.4 9.4 9.4 24.6 0 33.9l-136 136c-9.2 9.4-24.4 9.4-33.8 0z\"><\/path><\/svg><\/span>\n\t\t<\/span>\n\n\t\t\t\t\t\t<\/summary>\n\t\t\t\t<div role=\"region\" aria-labelledby=\"e-n-accordion-item-1801\" class=\"elementor-element elementor-element-f7f9684 e-con-full e-flex e-con e-child\" data-id=\"f7f9684\" data-element_type=\"container\" data-e-type=\"container\">\n\t\t\t\t<div class=\"elementor-element elementor-element-0098001 elementor-widget elementor-widget-text-editor\" data-id=\"0098001\" data-element_type=\"widget\" data-e-type=\"widget\" data-widget_type=\"text-editor.default\">\n\t\t\t\t\t\t\t\t\t<ul><li style=\"font-weight: 400\"><span style=\"font-weight: 400\">Estructura en Douglas libre de albura para una durabilidad natural m\u00e1xima (Clase 3.2) sin tratamiento qu\u00edmico adicional.<\/span><\/li><li style=\"font-weight: 400\"><span style=\"font-weight: 400\">Estructura optimizada para el soporte de cubierta fotovoltaica o vegetalizada seg\u00fan los est\u00e1ndares de construcci\u00f3n sostenible.<\/span><\/li><\/ul>\t\t\t\t\t\t\t\t<\/div>\n\t\t\t\t<\/div>\n\t\t\t\t\t<\/details>\n\t\t\t\t\t<\/div>\n\t\t\t\t\t\t<\/div>\n\t\t\t\t<\/div>\n\t\t\t\t<\/div>\n\t\t\t\t\t<\/div>\n\t\t\t\t<\/div>\n\t\t<div class=\"elementor-element elementor-element-4c888da e-flex e-con-boxed e-con e-parent\" data-id=\"4c888da\" data-element_type=\"container\" data-e-type=\"container\" data-settings=\"{&quot;background_background&quot;:&quot;classic&quot;}\">\n\t\t\t\t\t<div class=\"e-con-inner\">\n\t\t<div class=\"elementor-element elementor-element-1c3cb49 e-con-full e-flex e-con e-child\" data-id=\"1c3cb49\" data-element_type=\"container\" data-e-type=\"container\">\n\t\t\t\t<div class=\"elementor-element elementor-element-5becdfb elementor-widget elementor-widget-heading\" data-id=\"5becdfb\" data-element_type=\"widget\" data-e-type=\"widget\" data-widget_type=\"heading.default\">\n\t\t\t\t\t<h2 class=\"elementor-heading-title elementor-size-default\">Vaya m\u00e1s all\u00e1,<\/h2>\t\t\t\t<\/div>\n\t\t\t\t<div class=\"elementor-element elementor-element-d9607f2 elementor-widget__width-initial elementor-widget elementor-widget-text-editor\" data-id=\"d9607f2\" data-element_type=\"widget\" data-e-type=\"widget\" data-widget_type=\"text-editor.default\">\n\t\t\t\t\t\t\t\t\t<p>Estos proyectos reflejan el compromiso de MS BOIS con una construcci\u00f3n en madera exigente, sostenible y controlada, al servicio de los proyectos p\u00fablicos y privados m\u00e1s ambiciosos.<\/p>\t\t\t\t\t\t\t\t<\/div>\n\t\t\t\t<div class=\"elementor-element elementor-element-c823870 elementor-align-center elementor-widget elementor-widget-button\" data-id=\"c823870\" data-element_type=\"widget\" data-e-type=\"widget\" data-widget_type=\"button.default\">\n\t\t\t\t\t\t\t\t\t\t<a class=\"elementor-button elementor-button-link elementor-size-sm\" href=\"https:\/\/msbois.com\/es\/contacte-con-ms-bois-aserradero-y-soluciones-en-madera-francesa\/\">\n\t\t\t\t\t\t<span class=\"elementor-button-content-wrapper\">\n\t\t\t\t\t\t\t\t\t<span class=\"elementor-button-text\">Contacte con los equipos de MS BOIS<\/span>\n\t\t\t\t\t<\/span>\n\t\t\t\t\t<\/a>\n\t\t\t\t\t\t\t\t<\/div>\n\t\t\t\t<\/div>\n\t\t\t\t\t<\/div>\n\t\t\t\t<\/div>\n\t\t\t\t<\/div>\n\t\t","protected":false},"excerpt":{"rendered":"<p>PROYECTOS Obras de madera a gran escala, impulsadas por la experiencia de MS BOIS Desde hace casi un siglo, MS BOIS dise\u00f1a, transforma y suministra madera francesa para las obras de madera m\u00e1s exigentes. Como fabricante y proveedor principal del sector de la madera, acompa\u00f1amos a arquitectos, carpinteros y promotores en la realizaci\u00f3n de edificios &#8230; <a title=\"Obras en Madera Francesa | MS BOIS\" class=\"read-more\" href=\"https:\/\/msbois.com\/es\/obras-en-madera-francesa-ms-bois\/\" aria-label=\"Leer m\u00e1s sobre Obras en Madera Francesa | MS BOIS\">Leer m\u00e1s<\/a><\/p>\n","protected":false},"author":1,"featured_media":0,"parent":0,"menu_order":0,"comment_status":"closed","ping_status":"closed","template":"","meta":{"_acf_changed":false,"footnotes":""},"class_list":["post-4425","page","type-page","status-publish"],"acf":[],"_links":{"self":[{"href":"https:\/\/msbois.com\/es\/wp-json\/wp\/v2\/pages\/4425","targetHints":{"allow":["GET"]}}],"collection":[{"href":"https:\/\/msbois.com\/es\/wp-json\/wp\/v2\/pages"}],"about":[{"href":"https:\/\/msbois.com\/es\/wp-json\/wp\/v2\/types\/page"}],"author":[{"embeddable":true,"href":"https:\/\/msbois.com\/es\/wp-json\/wp\/v2\/users\/1"}],"replies":[{"embeddable":true,"href":"https:\/\/msbois.com\/es\/wp-json\/wp\/v2\/comments?post=4425"}],"version-history":[{"count":1,"href":"https:\/\/msbois.com\/es\/wp-json\/wp\/v2\/pages\/4425\/revisions"}],"predecessor-version":[{"id":4426,"href":"https:\/\/msbois.com\/es\/wp-json\/wp\/v2\/pages\/4425\/revisions\/4426"}],"wp:attachment":[{"href":"https:\/\/msbois.com\/es\/wp-json\/wp\/v2\/media?parent=4425"}],"curies":[{"name":"wp","href":"https:\/\/api.w.org\/{rel}","templated":true}]}}